{"id":1273,"date":"2022-08-09T08:06:31","date_gmt":"2022-08-09T08:06:31","guid":{"rendered":"https:\/\/goodtoknow.is\/vedur-og-dagsbirta\/"},"modified":"2025-05-27T11:14:03","modified_gmt":"2025-05-27T11:14:03","slug":"vedur-og-dagsbirta","status":"publish","type":"page","link":"https:\/\/goodtoknow.is\/is\/vedur-og-dagsbirta\/","title":{"rendered":"Ve\u00f0ur og dagsbirta"},"content":{"rendered":"\n<h2 class=\"wp-block-heading\">Ve\u00f0ursp\u00e1<\/h2>\n\n\n\n<p>Ve\u00f0ur \u00e1 \u00cdslandi getur breyst \u00e1 \u00f6rsk\u00f6mmum t\u00edma og \u00fev\u00ed er mikilv\u00e6gt a\u00f0 fylgjast alltaf vel og reglulega me\u00f0 ve\u00f0ursp\u00e1m. Vindhvi\u00f0ur eru s\u00e9rstaklega varasamar. <\/p>\n\n\n\n<p>\u00c1 <a href=\"https:\/\/vedur.is\/\" target=\"_blank\" rel=\"noreferrer noopener\">vedur.is<\/a> getur \u00fe\u00fa sko\u00f0a\u00f0 ve\u00f0ursp\u00e1r sem Ve\u00f0urstofa \u00cdslands gefur \u00fat.<\/p>\n\n\n\n<div class=\"wp-block-columns four-cols-container is-layout-flex wp-container-core-columns-is-layout-9d6595d7 wp-block-columns-is-layout-flex\">\n<div class=\"wp-block-column is-layout-flow wp-block-column-is-layout-flow\">\n<p>M\u00e6lt er me\u00f0 a\u00f0 sko\u00f0a <a rel=\"noreferrer noopener\" href=\"https:\/\/vedur.is\/vedur\/spar\/thattaspar\/\" target=\"_blank\">ve\u00f0ur\u00fe\u00e1ttasp\u00e1r<\/a> frekar en <a rel=\"noreferrer noopener\" href=\"https:\/\/vedur.is\/vedur\/spar\/stadaspar\/\" target=\"_blank\">sta\u00f0arsp\u00e1r<\/a>, \u00fev\u00ed sta\u00f0arsp\u00e1r eru oft \u00f3n\u00e1kv\u00e6mar.<\/p>\n\n\n\n<p>Smelltu <a href=\"https:\/\/safetravel.is\/\" target=\"_blank\" rel=\"noreferrer noopener\">h\u00e9r<\/a> til a\u00f0 f\u00e1 uppl\u00fdsingar um ve\u00f0urvi\u00f0varanir.<\/p>\n<\/div>\n\n\n\n<div class=\"wp-block-column is-layout-flow wp-block-column-is-layout-flow\">\n<figure class=\"wp-block-image size-full\"><a href=\"https:\/\/vedur.is\/vedur\/spar\/thattaspar\/\" target=\"_blank\" rel=\"noreferrer noopener\"><img loading=\"lazy\" decoding=\"async\" width=\"744\" height=\"508\" src=\"https:\/\/goodtoknow.is\/wp-content\/uploads\/2022\/08\/Wind-forecast-example.jpg\" alt=\"\" class=\"wp-image-452\" srcset=\"https:\/\/goodtoknow.is\/wp-content\/uploads\/2022\/08\/Wind-forecast-example.jpg 744w, https:\/\/goodtoknow.is\/wp-content\/uploads\/2022\/08\/Wind-forecast-example-300x205.jpg 300w\" sizes=\"auto, (max-width: 744px) 100vw, 744px\" \/><\/a><figcaption class=\"wp-element-caption\">D\u00e6mi um ve\u00f0ur\u00fe\u00e1ttasp\u00e1r: Vindasp\u00e1<\/figcaption><\/figure>\n<\/div>\n\n\n\n<div class=\"wp-block-column is-layout-flow wp-block-column-is-layout-flow\">\n<figure class=\"wp-block-image size-full\"><a href=\"https:\/\/vedur.is\/vedur\/spar\/thattaspar\/#teg=hiti\" target=\"_blank\" rel=\"noreferrer noopener\"><img loading=\"lazy\" decoding=\"async\" width=\"743\" height=\"505\" src=\"https:\/\/goodtoknow.is\/wp-content\/uploads\/2022\/08\/Temperature-forecast-example.jpg\" alt=\"\" class=\"wp-image-456\" srcset=\"https:\/\/goodtoknow.is\/wp-content\/uploads\/2022\/08\/Temperature-forecast-example.jpg 743w, https:\/\/goodtoknow.is\/wp-content\/uploads\/2022\/08\/Temperature-forecast-example-300x204.jpg 300w\" sizes=\"auto, (max-width: 743px) 100vw, 743px\" \/><\/a><figcaption class=\"wp-element-caption\">Hitasp\u00e1<\/figcaption><\/figure>\n<\/div>\n\n\n\n<div class=\"wp-block-column is-layout-flow wp-block-column-is-layout-flow\">\n<figure class=\"wp-block-image size-full\"><a href=\"https:\/\/vedur.is\/vedur\/spar\/thattaspar\/#teg=urkoma\" target=\"_blank\" rel=\"noreferrer noopener\"><img loading=\"lazy\" decoding=\"async\" width=\"745\" height=\"495\" src=\"https:\/\/goodtoknow.is\/wp-content\/uploads\/2022\/08\/Precipitation-example.jpg\" alt=\"\" class=\"wp-image-457\" srcset=\"https:\/\/goodtoknow.is\/wp-content\/uploads\/2022\/08\/Precipitation-example.jpg 745w, https:\/\/goodtoknow.is\/wp-content\/uploads\/2022\/08\/Precipitation-example-300x199.jpg 300w\" sizes=\"auto, (max-width: 745px) 100vw, 745px\" \/><\/a><figcaption class=\"wp-element-caption\">\u00darkomusp\u00e1<\/figcaption><\/figure>\n<\/div>\n<\/div>\n\n\n\n<h2 class=\"wp-block-heading closer\">Hitastig og dagsbirta<\/h2>\n\n\n\n<div class=\"wp-block-columns two-cols-container is-layout-flex wp-container-core-columns-is-layout-9d6595d7 wp-block-columns-is-layout-flex\">\n<div class=\"wp-block-column evencol is-layout-flow wp-block-column-is-layout-flow\">\n<p class=\"has-text-align-center\"><strong>Me\u00f0alhitastig<\/strong><\/p>\n\n\n\n<p class=\"has-text-align-center\">\u00cd t\u00f6flunni getur \u00fe\u00fa s\u00e9\u00f0 me\u00f0alhitastigi\u00f0 \u00e1 \u00cdslandi fyrir hvern m\u00e1nu\u00f0. <\/p>\n\n\n\n<p class=\"has-text-align-center\">\u00dear sem fer\u00f0amenn geta \u00e1tt von \u00e1 kulda, rigningu og vindi \u00e1 \u00cdslandi allan \u00e1rsins hring er mikilv\u00e6gt a\u00f0 taka me\u00f0 s\u00e9r hl\u00fdjan og vatnsheldan fatna\u00f0 svo h\u00e6gt s\u00e9 a\u00f0 <a href=\"https:\/\/safetravel.is\/outdoors\/clothing\/\" target=\"_blank\" rel=\"noreferrer noopener\">kl\u00e6\u00f0a sig eftir ve\u00f0ri<\/a>. <\/p>\n\n\n\n<figure class=\"wp-block-table\"><table><tbody><tr><td><\/td><td><strong>Reykjav\u00edk<\/strong><\/td><td><strong>Akureyri<\/strong><\/td><\/tr><tr><td>Jan\u00faar<\/td><td>-0.5 C\u00b0 \/ 31 F<\/td><td>-2.2 C\u00b0 \/ 28 F<\/td><\/tr><tr><td>Febr\u00faar<\/td><td>0.4 C\u00b0 \/ 33 F<\/td><td>-1.5 C\u00b0 \/ 29 F<\/td><\/tr><tr><td>Mars<\/td><td>0.5 C\u00b0 \/ 33 F<\/td><td>-1.3 C\u00b0 \/ 30 F<\/td><\/tr><tr><td>Apr\u00edl<\/td><td>2.9 C\u00b0 \/ 37 F<\/td><td>1.6 C\u00b0 \/ 35 F<\/td><\/tr><tr><td>Ma\u00ed<\/td><td>6.3 C\u00b0 \/ 43 F<\/td><td>5.5 C\u00b0 \/ 42 F<\/td><\/tr><tr><td>J\u00fan\u00ed<\/td><td>9.0 C\u00b0 \/ 48 F<\/td><td>9.1 C\u00b0 \/ 48 F<\/td><\/tr><tr><td>J\u00fal\u00ed<\/td><td>10.6 C\u00b0 \/ 51 F<\/td><td>10.5 C\u00b0 \/ 51 F<\/td><\/tr><tr><td>\u00c1g\u00fast<\/td><td>10.3 C\u00b0 \/ 51 F<\/td><td>10.0 C\u00b0 \/ 50 F<\/td><\/tr><tr><td>September<\/td><td>7.4 C\u00b0 \/ 45 F<\/td><td>6.3 C\u00b0 \/ 43 F<\/td><\/tr><tr><td>Okt\u00f3ber<\/td><td>4.4 C\u00b0 \/ 40 F<\/td><td>3.0 C\u00b0 \/ 37 F<\/td><\/tr><tr><td>N\u00f3vember<\/td><td>1.1 C\u00b0 \/ 34 F<\/td><td>-0.4 C\u00b0 \/ 31 F<\/td><\/tr><tr><td>Desember<\/td><td>-0.2 C\u00b0 \/ 32 F<\/td><td>-1.9 C\u00b0 \/ 29 F<\/td><\/tr><\/tbody><\/table><\/figure>\n<\/div>\n\n\n\n<div class=\"wp-block-column evencol is-layout-flow wp-block-column-is-layout-flow\">\n<p class=\"has-text-align-center\"><strong>S\u00f3laruppr\u00e1s \/ s\u00f3lsetur<\/strong><\/p>\n\n\n\n<p class=\"has-text-align-center\">\u00c1 veturna eru dagarnir stuttir og \u00fea\u00f0 l\u00ed\u00f0a ekki nema fj\u00f3rir t\u00edmar \u00e1 milli s\u00f3laruppkomu og s\u00f3larlags \u00feegar styst er. <\/p>\n\n\n\n<p class=\"has-text-align-center\">Yfir h\u00e1sumari\u00f0 dimmir hins vegar ekki.<\/p>\n\n\n\n<p><\/p>\n\n\n\n<figure class=\"wp-block-table\"><table><tbody><tr><td><\/td><td><strong>Reykjav\u00edk<\/strong><\/td><td><strong>Akureyri<\/strong><\/td><\/tr><tr><td>Jan\u00faar<\/td><td>11:19 \/ 15:44<\/td><td>11:32 \/ 15:01<\/td><\/tr><tr><td>Febr\u00faar<\/td><td>09:55 \/ 17:29<\/td><td>09:51 \/ 17:03<\/td><\/tr><tr><td>Mars<\/td><td>08:21 \/ 18:59<\/td><td>08:09 \/ 18:40<\/td><\/tr><tr><td>Apr\u00edl<\/td><td>06:42 \/ 20:22<\/td><td>06:23 \/ 20:11<\/td><\/tr><tr><td>Ma\u00ed<\/td><td>04:39 \/ 22:12<\/td><td>04:09 \/ 22:11<\/td><\/tr><tr><td>J\u00fan\u00ed<\/td><td>03:15 \/ 23:39<\/td><td>02:22 \/ 00:03<\/td><\/tr><tr><td>J\u00fal\u00ed<\/td><td>03:07 \/ 23:55<\/td><td>02:01 \/ 00:28<\/td><\/tr><tr><td>\u00c1g\u00fast<\/td><td>04:50 \/ 22:15<\/td><td>04:20 \/ 22:14<\/td><\/tr><tr><td>September<\/td><td>06:15 \/ 20:37<\/td><td>05:55 \/ 20:27<\/td><\/tr><tr><td>Okt\u00f3ber<\/td><td>07:36 \/ 18:57<\/td><td>07:22 \/ 18:40<\/td><\/tr><tr><td>N\u00f3vember<\/td><td>09:23 \/ 16:58<\/td><td>09:19 \/ 16:32<\/td><\/tr><tr><td>Desember<\/td><td>10:50 \/ 15:44<\/td><td>10:59 \/ 15:04<\/td><\/tr><\/tbody><\/table><\/figure>\n<\/div>\n<\/div>\n","protected":false},"excerpt":{"rendered":"<p>Ve\u00f0ursp\u00e1 Ve\u00f0ur \u00e1 \u00cdslandi getur breyst \u00e1 \u00f6rsk\u00f6mmum t\u00edma og \u00fev\u00ed er mikilv\u00e6gt a\u00f0 fylgjast alltaf vel og reglulega me\u00f0 ve\u00f0ursp\u00e1m. Vindhvi\u00f0ur eru s\u00e9rstaklega varasamar. \u00c1 vedur.is getur \u00fe\u00fa sko\u00f0a\u00f0 ve\u00f0ursp\u00e1r sem Ve\u00f0urstofa \u00cdslands gefur \u00fat. M\u00e6lt er me\u00f0 a\u00f0 sko\u00f0a ve\u00f0ur\u00fe\u00e1ttasp\u00e1r frekar en sta\u00f0arsp\u00e1r, \u00fev\u00ed sta\u00f0arsp\u00e1r eru oft \u00f3n\u00e1kv\u00e6mar. Smelltu h\u00e9r til a\u00f0 f\u00e1 [&hellip;]<\/p>\n","protected":false},"author":10,"featured_media":0,"parent":0,"menu_order":0,"comment_status":"closed","ping_status":"closed","template":"","meta":{"_acf_changed":false,"footnotes":""},"class_list":["post-1273","page","type-page","status-publish","hentry"],"acf":[],"_links":{"self":[{"href":"https:\/\/goodtoknow.is\/is\/wp-json\/wp\/v2\/pages\/1273","targetHints":{"allow":["GET"]}}],"collection":[{"href":"https:\/\/goodtoknow.is\/is\/wp-json\/wp\/v2\/pages"}],"about":[{"href":"https:\/\/goodtoknow.is\/is\/wp-json\/wp\/v2\/types\/page"}],"author":[{"embeddable":true,"href":"https:\/\/goodtoknow.is\/is\/wp-json\/wp\/v2\/users\/10"}],"replies":[{"embeddable":true,"href":"https:\/\/goodtoknow.is\/is\/wp-json\/wp\/v2\/comments?post=1273"}],"version-history":[{"count":23,"href":"https:\/\/goodtoknow.is\/is\/wp-json\/wp\/v2\/pages\/1273\/revisions"}],"predecessor-version":[{"id":2065,"href":"https:\/\/goodtoknow.is\/is\/wp-json\/wp\/v2\/pages\/1273\/revisions\/2065"}],"wp:attachment":[{"href":"https:\/\/goodtoknow.is\/is\/wp-json\/wp\/v2\/media?parent=1273"}],"curies":[{"name":"wp","href":"https:\/\/api.w.org\/{rel}","templated":true}]}}